{"id":1677,"date":"2018-11-24T14:15:21","date_gmt":"2018-11-24T13:15:21","guid":{"rendered":"http:\/\/www.1ciedarcdevincennes.fr\/?page_id=1677"},"modified":"2018-11-24T14:15:21","modified_gmt":"2018-11-24T13:15:21","slug":"photos-concours-en-salle-2018","status":"publish","type":"page","link":"https:\/\/www.1ciedarcdevincennes.fr\/index.php\/galerie-de-photos\/photos-concours-en-salle-2018\/","title":{"rendered":"Photos Concours en salle 2018"},"content":{"rendered":"<div id=\"grid-gallery-13-28699\" data-gg-id=\"13\" data-title=\"Concours en salle 2018\" data-grid-type=\"0\" data-offset=\"5.3\" data-area-position=\"center\" data-icons=\"false\" data-preloader=\"\" data-width=\"215\" data-height=\"215\" data-padding=\"\" data-quicksand=\"disabled\" data-quicksand-duration=\"none\" data-popup-theme=\"theme_6\" data-popup-type=\"pretty-photo\" data-popup-image-text=\"title\" data-popup-widthsize=\"auto\" data-popup-heightsize=\"auto\" data-popup-i18n-words=\"{&quot;close&quot;:&quot;fermer&quot;,&quot;next&quot;:&quot;suivant&quot;,&quot;previous&quot;:&quot;pr\\u00e9c\\u00e9dent&quot;,&quot;start_slideshow&quot;:&quot;d\\u00e9marrer le diaporama&quot;,&quot;stop_slideshow&quot;:&quot;arr\\u00e9ter le diaporama&quot;,&quot;image&quot;:&quot;image&quot;,&quot;of&quot;:&quot;de&quot;,&quot;prev&quot;:&quot;pr\\u00e9c.&quot;,&quot;cExpand&quot;:&quot;Agrandir&quot;,&quot;cPrevious&quot;:&quot;Pr\\u00e9c\\u00e9dent&quot;,&quot;cNext&quot;:&quot;Suivant&quot;,&quot;cExpandStr&quot;:&quot;Agrandir l&#039;image&quot;,&quot;cRotate&quot;:&quot;Pivoter&quot;,&quot;cDetails&quot;:&quot;Details&quot;}\" data-popup-slideshow=\"false\" data-popup-slideshow-speed=\"2500\" data-popup-hoverstop=\"true\" data-popup-slideshow-auto=\"false\" data-popup-background=\"\" data-popup-transparency=\"30\" data-popup-disable-history=\"\" data-popup-disable-changed-url=\"\" data-popup-border-type=\"\" data-popup-border-color=\"\" data-popup-border-width=\"\" data-popup-border-enable=\"\" data-fullscreen=\"false\" data-hide-tooltip=\"\" data-caption-font-family=\"\" data-caption-text-size=\"14px\" data-is-mobile=\"0\" data-caption-mobile=\"false\" data-hide-long-tltp-title=\"0\" data-caption-disabled-on-mobile=\"false\" data-popup-placement-type=\"0\" data-social-sharing=\"{&quot;enabled&quot;:null,&quot;gallerySharing&quot;:{&quot;enabled&quot;:null,&quot;position&quot;:null},&quot;imageSharing&quot;:{&quot;enabled&quot;:null,&quot;wrapperClass&quot;:&quot; vertical \\n &quot;},&quot;popupSharing&quot;:{&quot;enabled&quot;:null,&quot;wrapperClass&quot;:&quot; vertical \\n &quot;}}\" class=\"grid-gallery grid-gallery-fixed \" style=\" width:100%; height:auto ; margin-left:auto; margin-right:auto; position:relative;\" > <div class=\"gallery-loading\"> <div class=\"blocks\"> <div class=\"block\"><\/div> <div class=\"block\"><\/div> <div class=\"block\"><\/div> <div class=\"block\"><\/div> <\/div> <\/div> <div class=\"gallery-sharing-top\"><\/div> <div id=\"photos-13\" class=\"grid-gallery-photos \" > <a id=\"gg-13-178\" class=\"gg-link \" data-attachment-id=\"1647\" href=\"https:\/\/www.1ciedarcdevincennes.fr\/wp-content\/uploads\/2018\/11\/CS-2018-1.jpg?gid=13\" target=\"_self\" title=\"CS-2018-1\" data-rel=\"prettyPhoto[pp_gal]\" style=\"border-radius: 0px;\" ><FIGURE class=\"grid-gallery-caption \" data-grid-gallery-type=\"quarter-slide-up\" data-index=\"0\" style=\"display:none;border-radius: 0px; ; margin: 5.3px; width:215px;\" ><div class=\"crop \" style=\" width:215px; height:215px; overflow:hidden; \"><img src=\"http:\/\/www.1ciedarcdevincennes.fr\/wp-content\/uploads\/2018\/11\/CS-2018-1-215x215.jpg\" class=\"ggImg\" alt=\"CS-2018-1\" title=\"CS-2018-1\" data-description=\"CS-2018-1\" data-caption=\"CS-2018-1\" data-title=\"CS-2018-1\" style=\" width:215px; height:215px; \" \/><\/div><FIGCAPTION class=\"\" data-alpha=\"5\" style=\"color:#ffffff; background-color:#6f0000; font-size:14px; text-align:2; font-family:;\" ><div class=\"grid-gallery-figcaption-wrap\" style=\" vertical-align:; \"><\/div><\/FIGCAPTION><\/FIGURE><\/a> <a id=\"gg-13-177\" class=\"gg-link \" data-attachment-id=\"1653\" href=\"https:\/\/www.1ciedarcdevincennes.fr\/wp-content\/uploads\/2018\/11\/CS-2018-2.jpg?gid=13\" target=\"_self\" title=\"CS-2018-2\" data-rel=\"prettyPhoto[pp_gal]\" style=\"border-radius: 0px;\" ><FIGURE class=\"grid-gallery-caption \" data-grid-gallery-type=\"quarter-slide-up\" data-index=\"1\" style=\"display:none;border-radius: 0px; ; margin: 5.3px; width:215px;\" ><div class=\"crop \" style=\" width:215px; height:215px; overflow:hidden; \"><img src=\"http:\/\/www.1ciedarcdevincennes.fr\/wp-content\/uploads\/2018\/11\/CS-2018-2-215x215.jpg\" class=\"ggImg\" alt=\"CS-2018-2\" title=\"CS-2018-2\" data-description=\"CS-2018-2\" data-caption=\"CS-2018-2\" data-title=\"CS-2018-2\" style=\" width:215px; height:215px; \" \/><\/div><FIGCAPTION class=\"\" data-alpha=\"5\" style=\"color:#ffffff; background-color:#6f0000; font-size:14px; text-align:2; font-family:;\" ><div class=\"grid-gallery-figcaption-wrap\" style=\" vertical-align:; \"><\/div><\/FIGCAPTION><\/FIGURE><\/a> <a id=\"gg-13-176\" class=\"gg-link \" data-attachment-id=\"1654\" href=\"https:\/\/www.1ciedarcdevincennes.fr\/wp-content\/uploads\/2018\/11\/CS-2018-3.jpg?gid=13\" target=\"_self\" title=\"CS-2018-3\" data-rel=\"prettyPhoto[pp_gal]\" style=\"border-radius: 0px;\" ><FIGURE class=\"grid-gallery-caption \" data-grid-gallery-type=\"quarter-slide-up\" data-index=\"2\" style=\"display:none;border-radius: 0px; ; margin: 5.3px; width:215px;\" ><div class=\"crop \" style=\" width:215px; height:215px; overflow:hidden; \"><img src=\"http:\/\/www.1ciedarcdevincennes.fr\/wp-content\/uploads\/2018\/11\/CS-2018-3-215x215.jpg\" class=\"ggImg\" alt=\"CS-2018-3\" title=\"CS-2018-3\" data-description=\"CS-2018-3\" data-caption=\"CS-2018-3\" data-title=\"CS-2018-3\" style=\" width:215px; height:215px; \" \/><\/div><FIGCAPTION class=\"\" data-alpha=\"5\" style=\"color:#ffffff; background-color:#6f0000; font-size:14px; text-align:2; font-family:;\" ><div class=\"grid-gallery-figcaption-wrap\" style=\" vertical-align:; \"><\/div><\/FIGCAPTION><\/FIGURE><\/a> <a id=\"gg-13-175\" class=\"gg-link \" data-attachment-id=\"1655\" href=\"https:\/\/www.1ciedarcdevincennes.fr\/wp-content\/uploads\/2018\/11\/CS-2018-4.jpg?gid=13\" target=\"_self\" title=\"CS-2018-4\" data-rel=\"prettyPhoto[pp_gal]\" style=\"border-radius: 0px;\" ><FIGURE class=\"grid-gallery-caption \" data-grid-gallery-type=\"quarter-slide-up\" data-index=\"3\" style=\"display:none;border-radius: 0px; ; margin: 5.3px; width:215px;\" ><div class=\"crop \" style=\" width:215px; height:215px; overflow:hidden; \"><img src=\"http:\/\/www.1ciedarcdevincennes.fr\/wp-content\/uploads\/2018\/11\/CS-2018-4-215x215.jpg\" class=\"ggImg\" alt=\"CS-2018-4\" title=\"CS-2018-4\" data-description=\"CS-2018-4\" data-caption=\"CS-2018-4\" data-title=\"CS-2018-4\" style=\" width:215px; height:215px; \" \/><\/div><FIGCAPTION class=\"\" data-alpha=\"5\" style=\"color:#ffffff; background-color:#6f0000; font-size:14px; text-align:2; font-family:;\" ><div class=\"grid-gallery-figcaption-wrap\" style=\" vertical-align:; \"><\/div><\/FIGCAPTION><\/FIGURE><\/a> <a id=\"gg-13-174\" class=\"gg-link \" data-attachment-id=\"1656\" href=\"https:\/\/www.1ciedarcdevincennes.fr\/wp-content\/uploads\/2018\/11\/CS-2018-5.jpg?gid=13\" target=\"_self\" title=\"CS-2018-5\" data-rel=\"prettyPhoto[pp_gal]\" style=\"border-radius: 0px;\" ><FIGURE class=\"grid-gallery-caption \" data-grid-gallery-type=\"quarter-slide-up\" data-index=\"4\" style=\"display:none;border-radius: 0px; ; margin: 5.3px; width:215px;\" ><div class=\"crop \" style=\" width:215px; height:215px; overflow:hidden; \"><img src=\"http:\/\/www.1ciedarcdevincennes.fr\/wp-content\/uploads\/2018\/11\/CS-2018-5-215x215.jpg\" class=\"ggImg\" alt=\"CS-2018-5\" title=\"CS-2018-5\" data-description=\"CS-2018-5\" data-caption=\"CS-2018-5\" data-title=\"CS-2018-5\" style=\" width:215px; height:215px; \" \/><\/div><FIGCAPTION class=\"\" data-alpha=\"5\" style=\"color:#ffffff; background-color:#6f0000; font-size:14px; text-align:2; font-family:;\" ><div class=\"grid-gallery-figcaption-wrap\" style=\" vertical-align:; \"><\/div><\/FIGCAPTION><\/FIGURE><\/a> <a id=\"gg-13-173\" class=\"gg-link \" data-attachment-id=\"1657\" href=\"https:\/\/www.1ciedarcdevincennes.fr\/wp-content\/uploads\/2018\/11\/CS-2018-6.jpg?gid=13\" target=\"_self\" title=\"CS-2018-6\" data-rel=\"prettyPhoto[pp_gal]\" style=\"border-radius: 0px;\" ><FIGURE class=\"grid-gallery-caption \" data-grid-gallery-type=\"quarter-slide-up\" data-index=\"5\" style=\"display:none;border-radius: 0px; ; margin: 5.3px; width:215px;\" ><div class=\"crop \" style=\" width:215px; height:215px; overflow:hidden; \"><img src=\"http:\/\/www.1ciedarcdevincennes.fr\/wp-content\/uploads\/2018\/11\/CS-2018-6-215x215.jpg\" class=\"ggImg\" alt=\"CS-2018-6\" title=\"CS-2018-6\" data-description=\"CS-2018-6\" data-caption=\"CS-2018-6\" data-title=\"CS-2018-6\" style=\" width:215px; height:215px; \" \/><\/div><FIGCAPTION class=\"\" data-alpha=\"5\" style=\"color:#ffffff; background-color:#6f0000; font-size:14px; text-align:2; font-family:;\" ><div class=\"grid-gallery-figcaption-wrap\" style=\" vertical-align:; \"><\/div><\/FIGCAPTION><\/FIGURE><\/a> <a id=\"gg-13-179\" class=\"gg-link \" data-attachment-id=\"1673\" href=\"https:\/\/www.1ciedarcdevincennes.fr\/wp-content\/uploads\/2018\/11\/CS-2018-78.jpg?gid=13\" target=\"_self\" title=\"CS-2018-78\" data-rel=\"prettyPhoto[pp_gal]\" style=\"border-radius: 0px;\" ><FIGURE class=\"grid-gallery-caption \" data-grid-gallery-type=\"quarter-slide-up\" data-index=\"6\" style=\"display:none;border-radius: 0px; ; margin: 5.3px; width:215px;\" ><div class=\"crop \" style=\" width:215px; height:215px; overflow:hidden; \"><img src=\"http:\/\/www.1ciedarcdevincennes.fr\/wp-content\/uploads\/2018\/11\/CS-2018-78-215x215.jpg\" class=\"ggImg\" alt=\"CS-2018-78\" title=\"CS-2018-78\" data-description=\"CS-2018-78\" data-caption=\"F\u00e9licitations \u00e0 deux archers de Vincennes, Aur\u00e9lie et Fran\u00e7ois qui se classent respectivement 2\u00e8me et 3\u00e8me de leur cat\u00e9gorie.\" data-title=\"CS-2018-78\" style=\" width:215px; height:215px; \" \/><\/div><FIGCAPTION class=\"\" data-alpha=\"5\" style=\"color:#ffffff; background-color:#6f0000; font-size:14px; text-align:2; font-family:;\" ><div class=\"grid-gallery-figcaption-wrap\" style=\" vertical-align:; \"><div class=\"gg-image-caption fitvidsignore \" style=\"font-size:14px;\"><object type=\"none\/none\"> F\u00e9licitations \u00e0 deux archers de Vincennes, Aur\u00e9lie et Fran\u00e7ois qui se classent respectivement 2\u00e8me et 3\u00e8me de leur cat\u00e9gorie. <\/object><\/div><\/div><\/FIGCAPTION><\/FIGURE><\/a> <a id=\"gg-13-170\" class=\"gg-link \" data-attachment-id=\"1660\" href=\"https:\/\/www.1ciedarcdevincennes.fr\/wp-content\/uploads\/2018\/11\/CS-2018-9.jpg?gid=13\" target=\"_self\" title=\"CS-2018-9\" data-rel=\"prettyPhoto[pp_gal]\" style=\"border-radius: 0px;\" ><FIGURE class=\"grid-gallery-caption \" data-grid-gallery-type=\"quarter-slide-up\" data-index=\"7\" style=\"display:none;border-radius: 0px; ; margin: 5.3px; width:215px;\" ><div class=\"crop \" style=\" width:215px; height:215px; overflow:hidden; \"><img src=\"http:\/\/www.1ciedarcdevincennes.fr\/wp-content\/uploads\/2018\/11\/CS-2018-9-215x215.jpg\" class=\"ggImg\" alt=\"CS-2018-9\" title=\"CS-2018-9\" data-description=\"CS-2018-9\" data-caption=\"CS-2018-9\" data-title=\"CS-2018-9\" style=\" width:215px; height:215px; \" \/><\/div><FIGCAPTION class=\"\" data-alpha=\"5\" style=\"color:#ffffff; background-color:#6f0000; font-size:14px; text-align:2; font-family:;\" ><div class=\"grid-gallery-figcaption-wrap\" style=\" vertical-align:; \"><\/div><\/FIGCAPTION><\/FIGURE><\/a> <div class=\"grid-gallery-clearfix\"><\/div> <\/div> <div class=\"gallery-sharing-bottom\"><\/div> <div class=\"grid-gallery-clearfix\"><\/div> <\/div> <!-- Gallery by Supsystic plugin 1.15.11 -->\n","protected":false},"excerpt":{"rendered":"","protected":false},"author":1,"featured_media":0,"parent":167,"menu_order":0,"comment_status":"closed","ping_status":"closed","template":"page-templates\/page_fullwidth.php","meta":{"_mc_calendar":[]},"_links":{"self":[{"href":"https:\/\/www.1ciedarcdevincennes.fr\/index.php\/wp-json\/wp\/v2\/pages\/1677"}],"collection":[{"href":"https:\/\/www.1ciedarcdevincennes.fr\/index.php\/wp-json\/wp\/v2\/pages"}],"about":[{"href":"https:\/\/www.1ciedarcdevincennes.fr\/index.php\/wp-json\/wp\/v2\/types\/page"}],"author":[{"embeddable":true,"href":"https:\/\/www.1ciedarcdevincennes.fr\/index.php\/wp-json\/wp\/v2\/users\/1"}],"replies":[{"embeddable":true,"href":"https:\/\/www.1ciedarcdevincennes.fr\/index.php\/wp-json\/wp\/v2\/comments?post=1677"}],"version-history":[{"count":3,"href":"https:\/\/www.1ciedarcdevincennes.fr\/index.php\/wp-json\/wp\/v2\/pages\/1677\/revisions"}],"predecessor-version":[{"id":1680,"href":"https:\/\/www.1ciedarcdevincennes.fr\/index.php\/wp-json\/wp\/v2\/pages\/1677\/revisions\/1680"}],"up":[{"embeddable":true,"href":"https:\/\/www.1ciedarcdevincennes.fr\/index.php\/wp-json\/wp\/v2\/pages\/167"}],"wp:attachment":[{"href":"https:\/\/www.1ciedarcdevincennes.fr\/index.php\/wp-json\/wp\/v2\/media?parent=1677"}],"curies":[{"name":"wp","href":"https:\/\/api.w.org\/{rel}","templated":true}]}}